{"id":5142,"date":"2024-04-10T10:05:57","date_gmt":"2024-04-10T08:05:57","guid":{"rendered":"https:\/\/kyudocz.cz\/?page_id=5142"},"modified":"2026-04-24T16:29:23","modified_gmt":"2026-04-24T14:29:23","slug":"nabor-novacku-na-sezonu-od-zari-2024","status":"publish","type":"page","link":"https:\/\/kyudocz.cz\/?page_id=5142","title":{"rendered":"N\u00e1bory pro za\u010d\u00ednaj\u00edc\u00ed"},"content":{"rendered":"\n<p><strong>Pl\u00e1novan\u00fd n\u00e1bor v&nbsp;Plzni<\/strong><\/p>\n\n\n\n<p>Pl\u00e1nuje se zalo\u017een\u00ed nov\u00e9 skupiny kyudo v&nbsp;Plzni. Podm\u00ednkou zah\u00e1jen\u00ed je dostate\u010dn\u00fd po\u010det \u00fa\u010dastn\u00edk\u016f. V&nbsp;p\u0159\u00edpad\u011b z\u00e1jmu napi\u0161te na&nbsp;<a href=\"mailto:kucera@urusi.cz\">kucera@urusi.cz<\/a><\/p>\n\n\n\n<hr class=\"wp-block-separator\"\/>\n\n\n\n<p><strong>D\u00e1le pro provoz v&nbsp;Praze<\/strong><\/p>\n\n\n\n<p>Za rok m\u016f\u017eeme nab\u00edrat nov\u00e1\u010dky jen 2x. Na&nbsp;podzim v&nbsp;\u0159\u00edjnu a&nbsp;na&nbsp;ja\u0159e cca v&nbsp;b\u0159eznu a\u017e v&nbsp;dubnu. <\/p>\n\n\n\n<p>V \u0159\u00edjnu pouze prvn\u00ed 2 t\u00fddny, aby se za\u010d\u00e1te\u010dnick\u00e1 skupina nerozd\u011blila na&nbsp;v\u00edc \u010d\u00e1st\u00ed. A&nbsp;mohla postupovat spole\u010dn\u011b a&nbsp;rychleji. (v&nbsp;\u0159\u00edjnu 2026 jsou to pond\u011blky 5.10.&nbsp;a&nbsp;12.10.)<\/p>\n\n\n\n<p>\u010cas na&nbsp;jarn\u00ed n\u00e1bor nen\u00ed pevn\u011b dan\u00fd, proto\u017ee je pro n\u00e1s d\u016fle\u017eit\u00e9 se s&nbsp;\u0159\u00edjnovou skupinou dostat do st\u00e1dia, kdy ji\u017e nepot\u0159ebuj\u00ed neust\u00e1l\u00fd dohled a&nbsp;m\u016f\u017eeme se postarat o&nbsp;novou skupinu.<\/p>\n\n\n\n<p>Jestli chcete s&nbsp;n\u00e1mi za\u010d\u00edt kyudo ale prop\u00e1sli jste \u0159\u00edjnov\u00fd n\u00e1bor, <a href=\"https:\/\/kyudocz.cz\/?page_id=39\">napi\u0161te mail<\/a> a&nbsp;budeme v\u00e1s kontaktovat o&nbsp;term\u00ednu jarn\u00edho n\u00e1boru. Po\u010d\u00edtejte s&nbsp;koncem b\u0159ezna a\u017e p\u016flkou dubna.<\/p>\n\n\n\n<p>Mimo doby n\u00e1bor\u016f n\u00e1s m\u016f\u017eete nav\u0161t\u00edv\u00edt a&nbsp;pod\u00edvat se, jak keiko vypad\u00e1 a&nbsp;odpov\u00edme tam i&nbsp;na&nbsp;p\u0159\u00edpadn\u00e9 dotazy k&nbsp;tomu, jak fungujeme.<br>V pond\u011bl\u00ed od 17-20h cvi\u010d\u00ed za\u010d\u00e1te\u010dn\u00edci<br>V \u00fater\u00fd od 17-20h cvi\u010d\u00ed pokro\u010dil\u00ed<\/p>\n\n\n\n<p><a href=\"https:\/\/kyudocz.cz\/?page_id=5039\">V\u00edce info o&nbsp;tom jak se za\u010d\u00edn\u00e1, najdete zde<\/a><\/p>\n\n\n\n<p>Cvi\u010d\u00edme na&nbsp;galerii v&nbsp;Tyr\u0161ov\u011b dom\u011b.<br>Adresa: \u00dajezd 450\/40, Praha 1<br>Cvi\u010d\u00edme na&nbsp;galerii u&nbsp;T1<br>we practice in gallery above gym T1<br><a href=\"https:\/\/en.mapy.cz\/s\/putufasule\">https:\/\/en.mapy.cz\/s\/putufasule<\/a><\/p>\n","protected":false},"excerpt":{"rendered":"<p>Pl\u00e1novan\u00fd n\u00e1bor v&nbsp;Plzni Pl\u00e1nuje se zalo\u017een\u00ed nov\u00e9 skupiny kyudo v&nbsp;Plzni. Podm\u00ednkou zah\u00e1jen\u00ed je dostate\u010dn\u00fd po\u010det \u00fa\u010dastn\u00edk\u016f. V&nbsp;p\u0159\u00edpad\u011b z\u00e1jmu napi\u0161te na&nbsp;kucera@urusi.cz D\u00e1le pro provoz v&nbsp;Praze Za rok m\u016f\u017eeme nab\u00edrat nov\u00e1\u010dky jen 2x. Na&nbsp;podzim v&nbsp;\u0159\u00edjnu a&nbsp;na&nbsp;ja\u0159e cca v&nbsp;b\u0159eznu a\u017e v&nbsp;dubnu. V&nbsp;\u0159\u00edjnu pouze prvn\u00ed 2 t\u00fddny, aby se za\u010d\u00e1te\u010dnick\u00e1 skupina nerozd\u011blila na&nbsp;v\u00edc \u010d\u00e1st\u00ed. A&nbsp;mohla postupovat spole\u010dn\u011b a&nbsp;rychleji. [&hellip;]<\/p>\n","protected":false},"author":5,"featured_media":0,"parent":0,"menu_order":0,"comment_status":"closed","ping_status":"closed","template":"","meta":[],"yoast_head":"<!-- This site is optimized with the Yoast SEO plugin v16.3 - https:\/\/yoast.com\/wordpress\/plugins\/seo\/ -->\n<meta name=\"description\" content=\"Nab\u00edr\u00e1me nov\u00e9 \u010dleny v z\u00e1\u0159\u00ed 2024. P\u0159ed t\u00edm se m\u016f\u017eete p\u0159ij\u00edt pod\u00edvat na tr\u00e9ninky pokro\u010dil\u00fdch v \u00faterky od 17:30 v Tyr\u0161ov\u011b dom\u011b\" \/>\n<meta name=\"robots\" content=\"index, follow, max-snippet:-1, max-image-preview:large, max-video-preview:-1\" \/>\n<link rel=\"canonical\" href=\"https:\/\/kyudocz.cz\/?page_id=5142\" \/>\n<meta property=\"og:locale\" content=\"cs_CZ\" \/>\n<meta property=\"og:type\" content=\"article\" \/>\n<meta property=\"og:title\" content=\"N\u00e1bory pro za\u010d\u00ednaj\u00edc\u00ed - Kyudo CZ\" \/>\n<meta property=\"og:description\" content=\"Nab\u00edr\u00e1me nov\u00e9 \u010dleny v z\u00e1\u0159\u00ed 2024. P\u0159ed t\u00edm se m\u016f\u017eete p\u0159ij\u00edt pod\u00edvat na tr\u00e9ninky pokro\u010dil\u00fdch v \u00faterky od 17:30 v Tyr\u0161ov\u011b dom\u011b\" \/>\n<meta property=\"og:url\" content=\"https:\/\/kyudocz.cz\/?page_id=5142\" \/>\n<meta property=\"og:site_name\" content=\"Kyudo CZ\" \/>\n<meta property=\"article:modified_time\" content=\"2026-04-24T14:29:23+00:00\" \/>\n<meta name=\"twitter:card\" content=\"summary_large_image\" \/>\n<meta name=\"twitter:label1\" content=\"Odhadovan\u00e1 doba \u010dten\u00ed\">\n\t<meta name=\"twitter:data1\" content=\"1 minuta\">\n<script type=\"application\/ld+json\" class=\"yoast-schema-graph\">{\"@context\":\"https:\/\/schema.org\",\"@graph\":[{\"@type\":\"Organization\",\"@id\":\"https:\/\/kyudocz.cz\/#organization\",\"name\":\"\\u010cesk\\u00e1 asociace Japonsk\\u00e9 lukost\\u0159elby kjudo\",\"url\":\"https:\/\/kyudocz.cz\/\",\"sameAs\":[],\"logo\":{\"@type\":\"ImageObject\",\"@id\":\"https:\/\/kyudocz.cz\/#logo\",\"inLanguage\":\"cs\",\"url\":\"https:\/\/kyudocz.cz\/wp-content\/uploads\/2020\/12\/logo_kyudo.jpg\",\"contentUrl\":\"https:\/\/kyudocz.cz\/wp-content\/uploads\/2020\/12\/logo_kyudo.jpg\",\"width\":500,\"height\":256,\"caption\":\"\\u010cesk\\u00e1 asociace Japonsk\\u00e9 lukost\\u0159elby kjudo\"},\"image\":{\"@id\":\"https:\/\/kyudocz.cz\/#logo\"}},{\"@type\":\"WebSite\",\"@id\":\"https:\/\/kyudocz.cz\/#website\",\"url\":\"https:\/\/kyudocz.cz\/\",\"name\":\"Kyudo CZ\",\"description\":\"\",\"publisher\":{\"@id\":\"https:\/\/kyudocz.cz\/#organization\"},\"potentialAction\":[{\"@type\":\"SearchAction\",\"target\":\"https:\/\/kyudocz.cz\/?s={search_term_string}\",\"query-input\":\"required name=search_term_string\"}],\"inLanguage\":\"cs\"},{\"@type\":\"WebPage\",\"@id\":\"https:\/\/kyudocz.cz\/?page_id=5142#webpage\",\"url\":\"https:\/\/kyudocz.cz\/?page_id=5142\",\"name\":\"N\\u00e1bory pro za\\u010d\\u00ednaj\\u00edc\\u00ed - Kyudo CZ\",\"isPartOf\":{\"@id\":\"https:\/\/kyudocz.cz\/#website\"},\"datePublished\":\"2024-04-10T08:05:57+00:00\",\"dateModified\":\"2026-04-24T14:29:23+00:00\",\"description\":\"Nab\\u00edr\\u00e1me nov\\u00e9 \\u010dleny v z\\u00e1\\u0159\\u00ed 2024. P\\u0159ed t\\u00edm se m\\u016f\\u017eete p\\u0159ij\\u00edt pod\\u00edvat na tr\\u00e9ninky pokro\\u010dil\\u00fdch v \\u00faterky od 17:30 v Tyr\\u0161ov\\u011b dom\\u011b\",\"breadcrumb\":{\"@id\":\"https:\/\/kyudocz.cz\/?page_id=5142#breadcrumb\"},\"inLanguage\":\"cs\",\"potentialAction\":[{\"@type\":\"ReadAction\",\"target\":[\"https:\/\/kyudocz.cz\/?page_id=5142\"]}]},{\"@type\":\"BreadcrumbList\",\"@id\":\"https:\/\/kyudocz.cz\/?page_id=5142#breadcrumb\",\"itemListElement\":[{\"@type\":\"ListItem\",\"position\":1,\"item\":{\"@type\":\"WebPage\",\"@id\":\"https:\/\/kyudocz.cz\/\",\"url\":\"https:\/\/kyudocz.cz\/\",\"name\":\"Dom\\u016f\"}},{\"@type\":\"ListItem\",\"position\":2,\"item\":{\"@id\":\"https:\/\/kyudocz.cz\/?page_id=5142#webpage\"}}]}]}<\/script>\n<!-- \/ Yoast SEO plugin. -->","_links":{"self":[{"href":"https:\/\/kyudocz.cz\/index.php?rest_route=\/wp\/v2\/pages\/5142"}],"collection":[{"href":"https:\/\/kyudocz.cz\/index.php?rest_route=\/wp\/v2\/pages"}],"about":[{"href":"https:\/\/kyudocz.cz\/index.php?rest_route=\/wp\/v2\/types\/page"}],"author":[{"embeddable":true,"href":"https:\/\/kyudocz.cz\/index.php?rest_route=\/wp\/v2\/users\/5"}],"replies":[{"embeddable":true,"href":"https:\/\/kyudocz.cz\/index.php?rest_route=%2Fwp%2Fv2%2Fcomments&post=5142"}],"version-history":[{"count":25,"href":"https:\/\/kyudocz.cz\/index.php?rest_route=\/wp\/v2\/pages\/5142\/revisions"}],"predecessor-version":[{"id":5269,"href":"https:\/\/kyudocz.cz\/index.php?rest_route=\/wp\/v2\/pages\/5142\/revisions\/5269"}],"wp:attachment":[{"href":"https:\/\/kyudocz.cz\/index.php?rest_route=%2Fwp%2Fv2%2Fmedia&parent=5142"}],"curies":[{"name":"wp","href":"https:\/\/api.w.org\/{rel}","templated":true}]}}